{"id":2642,"date":"2026-04-28T08:11:45","date_gmt":"2026-04-28T06:11:45","guid":{"rendered":"https:\/\/www.pallicura.de\/akademie\/?post_type=tribe_events&#038;p=2642"},"modified":"2026-04-28T08:19:55","modified_gmt":"2026-04-28T06:19:55","slug":"fuehren-mit-klarheit-und-haltung","status":"publish","type":"tribe_events","link":"https:\/\/www.pallicura.de\/akademie\/kurs\/fuehren-mit-klarheit-und-haltung\/","title":{"rendered":"F\u00fchren mit Klarheit und Haltung"},"content":{"rendered":"\n<div style=\"height:20px\" aria-hidden=\"true\" class=\"wp-block-spacer\"><\/div>\n\n\n<div  class=\"tribe-events-schedule tribe-clearfix\" >\n\t<p class=\"tribe-events-schedule__datetime\">\n\t\t<span class=\"tribe-events-schedule__date tribe-events-schedule__date--start\">\n\t\t\t10. Juni 2027\t\t<\/span>\n\n\t\t\t\t\t<span class=\"tribe-events-schedule__separator tribe-events-schedule__separator--date\">\n\t\t\t\t, \t\t\t<\/span>\n\t\t\t<span class=\"tribe-events-schedule__time tribe-events-schedule__time--start\">\n\t\t\t\t9:00\t\t\t<\/span>\n\t\t\n\t\t\t\t\t\t\t\t\t<span class=\"tribe-events-schedule__separator tribe-events-schedule__separator--time\">\n\t\t\t\t\t &#8211; \t\t\t\t<\/span>\n\t\t\t\n\t\t\t\t\t\t\t<span class=\"tribe-events-schedule__time tribe-events-schedule__time--end\">\n\t\t\t\t\t16:15\t\t\t\t<\/span>\n\t\t\t\n\t\t\t\t\t\t<\/p>\n<\/div>\n\n\n\n<div style=\"height:20px\" aria-hidden=\"true\" class=\"wp-block-spacer\"><\/div>\n\n\n\n<p><\/p>\n\n\n\n<p><strong>Leadership-Kompetenzen f\u00fcr Frauen im Sozial- und Gesundheit<\/strong><\/p>\n\n\n\n<div style=\"height:56px\" aria-hidden=\"true\" class=\"wp-block-spacer\"><\/div>\n\n\n\n<h3 class=\"wp-block-heading\"><strong>Referentin<\/strong><\/h3>\n\n\n\n<p><\/p>\n\n\n\n<div class=\"wp-block-media-text is-stacked-on-mobile\" style=\"grid-template-columns:15% auto\"><figure class=\"wp-block-media-text__media\"><img fetchpriority=\"high\" decoding=\"async\" width=\"686\" height=\"1024\" src=\"https:\/\/www.pallicura.de\/akademie\/wp-content\/uploads\/2026\/02\/image001-686x1024.jpg\" alt=\"\" class=\"wp-image-2489 size-full\" srcset=\"https:\/\/www.pallicura.de\/akademie\/wp-content\/uploads\/2026\/02\/image001-686x1024.jpg 686w, https:\/\/www.pallicura.de\/akademie\/wp-content\/uploads\/2026\/02\/image001-201x300.jpg 201w, https:\/\/www.pallicura.de\/akademie\/wp-content\/uploads\/2026\/02\/image001-768x1146.jpg 768w, https:\/\/www.pallicura.de\/akademie\/wp-content\/uploads\/2026\/02\/image001-700x1044.jpg 700w, https:\/\/www.pallicura.de\/akademie\/wp-content\/uploads\/2026\/02\/image001.jpg 858w\" sizes=\"(max-width: 686px) 100vw, 686px\" \/><\/figure><div class=\"wp-block-media-text__content\">\n<p><strong>Dr. Katharina Gold<\/strong><\/p>\n\n\n\n<p>Diplomp\u00e4dagogin, Systemische Therapeutin (DGSF), Supervisorin&nbsp;<\/p>\n<\/div><\/div>\n\n\n\n<div style=\"height:20px\" aria-hidden=\"true\" class=\"wp-block-spacer\"><\/div>\n\n\n\n<h3 class=\"wp-block-heading\">Kursbeschreibung<\/h3>\n\n\n\n<p>F\u00fchrung im Sozial- und Gesundheitswesen bedeutet, Verantwortung in komplexen Organisationsstrukturen zu \u00fcbernehmen \u2013 im Spannungsfeld zwischen Fachlichkeit, Wirtschaftlichkeit, interprofessioneller Zusammenarbeit und hohen ethischen Anforderungen.<\/p>\n\n\n\n<p><\/p>\n\n\n\n<p>Gerade Frauen in F\u00fchrungspositionen bewegen sich h\u00e4ufig zwischen gesellschaftlich gepr\u00e4gten Rollenerwartungen, historisch gewachsenen F\u00fchrungsbildern und dem Anspruch, eine authentische und wirksame F\u00fchrungspers\u00f6nlichkeit zu entwickeln. Daraus ergeben sich besondere Herausforderungen wie Rollenklarheit, Erwartungsdruck, Vereinbarkeit sowie der Umgang mit Machtstrukturen und Entscheidungsverantwortung.<\/p>\n\n\n\n<p><\/p>\n\n\n\n<p>Der Kurs bietet einen gesch\u00fctzten Reflexionsraum zur Kl\u00e4rung der eigenen F\u00fchrungsrolle und vermittelt praxisnahe Instrumente f\u00fcr einen klaren, souver\u00e4nen und werteorientierten F\u00fchrungsstil. Im Fokus stehen die Entwicklung eines individuellen F\u00fchrungsprofils, die St\u00e4rkung der eigenen Pr\u00e4senz sowie der professionelle Umgang mit Konflikten, Widerst\u00e4nden und Belastungen.<\/p>\n\n\n\n<div style=\"height:20px\" aria-hidden=\"true\" class=\"wp-block-spacer\"><\/div>\n\n\n\n<h3 class=\"wp-block-heading\">Aufbau und Inhalte<\/h3>\n\n\n\n<ul class=\"wp-block-list\">\n<li>Grundlagen wirksamer F\u00fchrung zwischen Fachverantwortung und Managementrolle<\/li>\n\n\n\n<li>Kl\u00e4rung der eigenen F\u00fchrungsrolle im Spannungsfeld von Kolleg<em>in, Vorgesetzte<\/em>r und Entscheider*in<\/li>\n\n\n\n<li>Werteorientierte F\u00fchrung im Sozial- und Gesundheitswesen<\/li>\n\n\n\n<li>Bewusster Umgang mit Macht, Einfluss und Positionierung<\/li>\n\n\n\n<li>Treffen und Vertreten von Entscheidungen sowie Setzen klarer Grenzen<\/li>\n\n\n\n<li>Umgang mit Widerst\u00e4nden und Erwartungsdruck im F\u00fchrungsalltag<\/li>\n\n\n\n<li>Kommunikation in anspruchsvollen Situationen, insbesondere in Konflikt- und Feedbackgespr\u00e4chen<\/li>\n\n\n\n<li>Souver\u00e4nes Auftreten in Besprechungen und Gremien<\/li>\n\n\n\n<li>Reflexion von Sprache, Haltung und K\u00f6rpersprache<\/li>\n\n\n\n<li>St\u00e4rkung von Selbstf\u00fchrung und Resilienz im Berufsalltag<\/li>\n\n\n\n<li>Strategien zur nachhaltigen Selbstf\u00fcrsorge und Ressourcenaktivierung<\/li>\n\n\n\n<li>Praxisorientierter Transfer durch Fallarbeit, kollegiale Beratung und Gruppen\u00fcbungen<\/li>\n<\/ul>\n\n\n\n<div style=\"height:20px\" aria-hidden=\"true\" class=\"wp-block-spacer\"><\/div>\n\n\n\n<h3 class=\"wp-block-heading\"><strong>Ziel<\/strong><\/h3>\n\n\n\n<p>Kl\u00e4rung und St\u00e4rkung der eigenen F\u00fchrungsrolle sowie Entwicklung eines klaren, authentischen und wirksamen F\u00fchrungsstils<br><\/p>\n\n\n\n<div style=\"height:20px\" aria-hidden=\"true\" class=\"wp-block-spacer\"><\/div>\n\n\n\n<h3 class=\"wp-block-heading\"><strong>Zielgruppe<\/strong><\/h3>\n\n\n\n<p>Frauen in Leitungs- oder stellvertretenden Leitungsfunktionen, Nachwuchsf\u00fchrungskr\u00e4fte, Projektleiter*innen\u00a0und\u00a0Teamkoordinator*innen sowie Fachkr\u00e4fte, die sich auf eine F\u00fchrungsrolle vorbereiten, insbesondere aus Pflege, Sozialer Arbeit, Therapie sowie Hospiz- und Palliativversorgung\u00a0<br><\/p>\n\n\n\n<div style=\"height:20px\" aria-hidden=\"true\" class=\"wp-block-spacer\"><\/div>\n\n\n\n<h3 class=\"wp-block-heading\"><strong>Umfang<\/strong><\/h3>\n\n\n\n<p>Zweit\u00e4giger Kurs (insgesamt 8 Unterrichtseinheiten)<\/p>\n\n\n\n<div style=\"height:20px\" aria-hidden=\"true\" class=\"wp-block-spacer\"><\/div>\n\n\n\n<h3 class=\"wp-block-heading\"><strong>Termine<\/strong><\/h3>\n\n\n\n<p>10.06.2027 \u2013 11.06.2027<\/p>\n\n\n\n<div style=\"height:20px\" aria-hidden=\"true\" class=\"wp-block-spacer\"><\/div>\n\n\n\n<h3 class=\"wp-block-heading\"><strong style=\"color: rgb(20, 24, 39); font-family: var(--tec-font-family-sans-serif); font-size: var(--tec-font-size-4); font-style: inherit; white-space: pre-wrap;\">Unterrichtszeiten<\/strong><\/h3>\n\n\n\n<p>Jeweils von 9.00 bis 16.15 Uhr<br><\/p>\n\n\n\n<div style=\"height:20px\" aria-hidden=\"true\" class=\"wp-block-spacer\"><\/div>\n\n\n\n<h3 class=\"wp-block-heading\"><strong>Kursgeb\u00fchr<\/strong><\/h3>\n\n\n\n<p>349,\u2013 \u20ac (inkl. Seminarunterlagen und Pausenverpflegung, umsatzsteuerbefreit gem\u00e4\u00df \u00a7 4 Nr. 22a UStG)&nbsp;<br><\/p>\n\n\n\n<div style=\"height:20px\" aria-hidden=\"true\" class=\"wp-block-spacer\"><\/div>\n\n\n\n<div style=\"height:0px\" aria-hidden=\"true\" class=\"wp-block-spacer\"><\/div>\n\n\n\n<h3 class=\"wp-block-heading\"><strong>Nachweis<\/strong><\/h3>\n\n\n\n<p>Teilnahmebescheinigung<\/p>\n\n\n\n<div style=\"height:50px\" aria-hidden=\"true\" class=\"wp-block-spacer\"><\/div>\n\n\n\n<h3 class=\"wp-block-heading\"><strong>JETZT ANMELDEN<\/strong>:<\/h3>\n\n\n<style id=\"wpforms-css-vars-2242\">\n\t\t\t\t#wpforms-2242 {\n\t\t\t\t--wpforms-container-padding: 0px;\n--wpforms-container-border-width: 1px;\n--wpforms-container-border-radius: 3px;\n--wpforms-background-color: rgba(0, 0, 0, 0);\n--wpforms-field-size-input-height: 43px;\n--wpforms-field-size-input-spacing: 15px;\n--wpforms-field-size-font-size: 16px;\n--wpforms-field-size-line-height: 19px;\n--wpforms-field-size-padding-h: 14px;\n--wpforms-field-size-checkbox-size: 16px;\n--wpforms-field-size-sublabel-spacing: 5px;\n--wpforms-field-size-icon-size: 1;\n--wpforms-label-size-font-size: 16px;\n--wpforms-label-size-line-height: 19px;\n--wpforms-label-size-sublabel-font-size: 14px;\n--wpforms-label-size-sublabel-line-height: 17px;\n--wpforms-button-size-font-size: 17px;\n--wpforms-button-size-height: 41px;\n--wpforms-button-size-padding-h: 15px;\n--wpforms-button-size-margin-top: 10px;\n--wpforms-container-shadow-size-box-shadow: none;\n\t\t\t}\n\t\t\t<\/style><div class=\"wpforms-container wpforms-container-full wpforms-render-modern\" id=\"wpforms-2242\"><form id=\"wpforms-form-2242\" class=\"wpforms-validate wpforms-form wpforms-ajax-form\" data-formid=\"2242\" method=\"post\" enctype=\"multipart\/form-data\" action=\"\/akademie\/wp-json\/wp\/v2\/tribe_events\/2642\" data-token=\"6d952fcb0791c81c843df61d6afabe36\" data-token-time=\"1777711119\"><noscript class=\"wpforms-error-noscript\">Bitte aktiviere JavaScript in deinem Browser, um dieses Formular fertigzustellen.<\/noscript><div id=\"wpforms-error-noscript\" style=\"display: none;\">Bitte aktiviere JavaScript in deinem Browser, um dieses Formular fertigzustellen.<\/div><div class=\"wpforms-field-container\">\t\t<div id=\"wpforms-2242-field_7-container\"\n\t\t\tclass=\"wpforms-field wpforms-field-text\"\n\t\t\tdata-field-type=\"text\"\n\t\t\tdata-field-id=\"7\"\n\t\t\t>\n\t\t\t<label class=\"wpforms-field-label\" for=\"wpforms-2242-field_7\" >Name und E-Mail-Adresse<\/label>\n\t\t\t<input type=\"text\" id=\"wpforms-2242-field_7\" class=\"wpforms-field-medium\" name=\"wpforms[fields][7]\" >\n\t\t<\/div>\n\t\t<div id=\"wpforms-2242-field_1-container\" class=\"wpforms-field wpforms-field-name\" data-field-id=\"1\"><fieldset><legend class=\"wpforms-field-label\">Name <span class=\"wpforms-required-label\" aria-hidden=\"true\">*<\/span><\/legend><div class=\"wpforms-field-row wpforms-field-medium\"><div class=\"wpforms-field-row-block wpforms-first wpforms-one-half\"><input type=\"text\" id=\"wpforms-2242-field_1\" class=\"wpforms-field-name-first wpforms-field-required\" name=\"wpforms[fields][1][first]\" aria-errormessage=\"wpforms-2242-field_1-error\" required><label for=\"wpforms-2242-field_1\" class=\"wpforms-field-sublabel after\">Vorname<\/label><\/div><div class=\"wpforms-field-row-block wpforms-one-half\"><input type=\"text\" id=\"wpforms-2242-field_1-last\" class=\"wpforms-field-name-last wpforms-field-required\" name=\"wpforms[fields][1][last]\" aria-errormessage=\"wpforms-2242-field_1-last-error\" required><label for=\"wpforms-2242-field_1-last\" class=\"wpforms-field-sublabel after\">Nachname<\/label><\/div><\/div><\/fieldset><\/div><div id=\"wpforms-2242-field_2-container\" class=\"wpforms-field wpforms-field-number\" data-field-id=\"2\"><label class=\"wpforms-field-label\" for=\"wpforms-2242-field_2\">Telefonnummer <span class=\"wpforms-required-label\" aria-hidden=\"true\">*<\/span><\/label><input type=\"number\" id=\"wpforms-2242-field_2\" class=\"wpforms-field-medium wpforms-field-required\" name=\"wpforms[fields][2]\" step=\"any\" aria-errormessage=\"wpforms-2242-field_2-error\" required><\/div><div id=\"wpforms-2242-field_3-container\" class=\"wpforms-field wpforms-field-email\" data-field-id=\"3\"><label class=\"wpforms-field-label\" for=\"wpforms-2242-field_3\">E-Mail-Adresse <span class=\"wpforms-required-label\" aria-hidden=\"true\">*<\/span><\/label><input type=\"email\" id=\"wpforms-2242-field_3\" class=\"wpforms-field-medium wpforms-field-required\" name=\"wpforms[fields][3]\" spellcheck=\"false\" aria-errormessage=\"wpforms-2242-field_3-error\" required><\/div><div id=\"wpforms-2242-field_4-container\" class=\"wpforms-field wpforms-field-text\" data-field-id=\"4\"><label class=\"wpforms-field-label\" for=\"wpforms-2242-field_4\">Stra\u00dfe und Nr <span class=\"wpforms-required-label\" aria-hidden=\"true\">*<\/span><\/label><input type=\"text\" id=\"wpforms-2242-field_4\" class=\"wpforms-field-medium wpforms-field-required\" name=\"wpforms[fields][4]\" aria-errormessage=\"wpforms-2242-field_4-error\" required><\/div><div id=\"wpforms-2242-field_5-container\" class=\"wpforms-field wpforms-field-text\" data-field-id=\"5\"><label class=\"wpforms-field-label\" for=\"wpforms-2242-field_5\">PLZ und Ort <span class=\"wpforms-required-label\" aria-hidden=\"true\">*<\/span><\/label><input type=\"text\" id=\"wpforms-2242-field_5\" class=\"wpforms-field-medium wpforms-field-required\" name=\"wpforms[fields][5]\" aria-errormessage=\"wpforms-2242-field_5-error\" required><\/div><div id=\"wpforms-2242-field_6-container\" class=\"wpforms-field wpforms-field-text\" data-field-id=\"6\"><label class=\"wpforms-field-label\" for=\"wpforms-2242-field_6\">Rechnungsanschrift <span class=\"wpforms-required-label\" aria-hidden=\"true\">*<\/span><\/label><input type=\"text\" id=\"wpforms-2242-field_6\" class=\"wpforms-field-large wpforms-field-required\" name=\"wpforms[fields][6]\" aria-errormessage=\"wpforms-2242-field_6-error\" required><\/div><script>\n\t\t\t\t( function() {\n\t\t\t\t\tconst style = document.createElement( 'style' );\n\t\t\t\t\tstyle.appendChild( document.createTextNode( '#wpforms-2242-field_7-container { position: absolute !important; overflow: hidden !important; display: inline !important; height: 1px !important; width: 1px !important; z-index: -1000 !important; padding: 0 !important; } #wpforms-2242-field_7-container input { visibility: hidden; } #wpforms-conversational-form-page #wpforms-2242-field_7-container label { counter-increment: none; }' ) );\n\t\t\t\t\tdocument.head.appendChild( style );\n\t\t\t\t\tdocument.currentScript?.remove();\n\t\t\t\t} )();\n\t\t\t<\/script><\/div><!-- .wpforms-field-container --><div class=\"wpforms-submit-container\" ><input type=\"hidden\" name=\"wpforms[id]\" value=\"2242\"><input type=\"hidden\" name=\"page_title\" value=\"\"><input type=\"hidden\" name=\"page_url\" value=\"https:\/\/www.pallicura.de\/akademie\/wp-json\/wp\/v2\/tribe_events\/2642\"><input type=\"hidden\" name=\"url_referer\" value=\"\"><button type=\"submit\" name=\"wpforms[submit]\" id=\"wpforms-submit-2242\" class=\"wpforms-submit mein-submit-button\" data-alt-text=\"Wird gesendet\u00a0\u2026\" data-submit-text=\"Anmelden\" aria-live=\"assertive\" value=\"wpforms-submit\">Anmelden<\/button><img decoding=\"async\" src=\"https:\/\/www.pallicura.de\/akademie\/wp-content\/plugins\/wpforms-lite\/assets\/images\/submit-spin.svg\" class=\"wpforms-submit-spinner\" style=\"display: none;\" width=\"26\" height=\"26\" alt=\"Wird geladen\"><\/div><\/form><\/div>  <!-- .wpforms-container -->\n\n\n\n<div style=\"height:18px\" aria-hidden=\"true\" class=\"wp-block-spacer\"><\/div>\n\n\n\n<p><strong>Im Rahmen der Kursanmeldung werden personenbezogene Daten (Name, Anschrift) verarbeitet.<\/strong> <strong>Die Verarbeitung erfolgt zum Zweck der Durchf\u00fchrung der Anmeldung sowie zur \u00dcbersendung einer Anmeldebest\u00e4tigung per E-Mail.Rechtsgrundlage f\u00fcr die Verarbeitung ist Art. 6 Abs.1 lit. b DSGVO (Vertragserf\u00fcllung bzw. Durchf\u00fchrung vorvertraglicher Ma\u00dfnahmen).<\/strong> <strong>Sofern Sie mit dieser Datenverarbeitung nicht einverstanden sind, ist eine Anmeldung ausschlie\u00dflich telefonisch m\u00f6glich.<\/strong><\/p>\n\n\n\n<div style=\"height:40px\" aria-hidden=\"true\" class=\"wp-block-spacer\"><\/div>\n\n\n\n<p><\/p>\n\n\n\n<div class=\"wp-block-columns is-layout-flex wp-container-core-columns-is-layout-9d6595d7 wp-block-columns-is-layout-flex\">\n<div class=\"wp-block-column is-layout-flow wp-block-column-is-layout-flow\"><div  class=\"tribe-block tribe-block__venue tribe-clearfix tribe-block__venue--has-map\" >\n\t\n\t\t\n<div class=\"tribe-block__venue__map\">\n\t\n<iframe\n  title=\"Iframe von Google Maps, der die Adresse von Schulungsraum Pallicura anzeigt\"\n  aria-label=\"Karte des Veranstaltungsortes\"\n  width=\"310px\"\n  height=\"256px\"\n  frameborder=\"0\" style=\"border:0\"\n  src=\"https:\/\/www.google.com\/maps\/embed\/v1\/place?key=AIzaSyDNsicAsP6-VuGtAb1O9riI3oc_NOb7IOU&#038;q=Birkenlohstra%C3%9Fe+6+Schwandorf+92421+Germany+&#038;zoom=15\" allowfullscreen>\n<\/iframe>\n<\/div>\n\n\t<\/div>\n<\/div>\n\n\n\n<div class=\"wp-block-column is-layout-flow wp-block-column-is-layout-flow\" style=\"flex-basis:30%\">\t<div  class=\"tribe-block tribe-block__events-link\" >\n\t\t<div class=\"tribe-events tribe-common\">\n\t\t\t<div class=\"tribe-events-c-subscribe-dropdown__container\">\n\t\t\t\t<div class=\"tribe-events-c-subscribe-dropdown\">\n\t\t\t\t\t<div class=\"tribe-common-c-btn-border tribe-events-c-subscribe-dropdown__button\">\n\t\t\t\t\t\t<svg\n\t class=\"tribe-common-c-svgicon tribe-common-c-svgicon--cal-export tribe-events-c-subscribe-dropdown__export-icon\" \taria-hidden=\"true\"\n\tviewBox=\"0 0 23 17\"\n\txmlns=\"http:\/\/www.w3.org\/2000\/svg\"\n>\n\t<path fill-rule=\"evenodd\" clip-rule=\"evenodd\" d=\"M.128.896V16.13c0 .211.145.383.323.383h15.354c.179 0 .323-.172.323-.383V.896c0-.212-.144-.383-.323-.383H.451C.273.513.128.684.128.896Zm16 6.742h-.901V4.679H1.009v10.729h14.218v-3.336h.901V7.638ZM1.01 1.614h14.218v2.058H1.009V1.614Z\" \/>\n\t<path d=\"M20.5 9.846H8.312M18.524 6.953l2.89 2.909-2.855 2.855\" stroke-width=\"1.2\" stroke-linecap=\"round\" stroke-linejoin=\"round\"\/>\n<\/svg>\n\t\t\t\t\t\t<button\n\t\t\t\t\t\t\tclass=\"tribe-events-c-subscribe-dropdown__button-text\"\n\t\t\t\t\t\t\taria-expanded=\"false\"\n\t\t\t\t\t\t\taria-controls=\"tribe-events-subscribe-dropdown-content\"\n\t\t\t\t\t\t\taria-label=\"Zeige Links an um Veranstaltungen zu deinem Kalender hinzuzuf\u00fcgen\"\n\t\t\t\t\t\t>\n\t\t\t\t\t\t\tZum Kalender hinzuf\u00fcgen\t\t\t\t\t\t<\/button>\n\t\t\t\t\t\t<svg\n\t class=\"tribe-common-c-svgicon tribe-common-c-svgicon--caret-down tribe-events-c-subscribe-dropdown__button-icon\" \taria-hidden=\"true\"\n\tviewBox=\"0 0 10 7\"\n\txmlns=\"http:\/\/www.w3.org\/2000\/svg\"\n>\n\t<path fill-rule=\"evenodd\" clip-rule=\"evenodd\" d=\"M1.008.609L5 4.6 8.992.61l.958.958L5 6.517.05 1.566l.958-.958z\" class=\"tribe-common-c-svgicon__svg-fill\"\/>\n<\/svg>\n\t\t\t\t\t<\/div>\n\t\t\t\t\t<div id=\"tribe-events-subscribe-dropdown-content\" class=\"tribe-events-c-subscribe-dropdown__content\">\n\t\t\t\t\t\t<ul class=\"tribe-events-c-subscribe-dropdown__list\">\n\t\t\t\t\t\t\t\t\t\t\t\t\t\t\t<li class=\"tribe-events-c-subscribe-dropdown__list-item tribe-events-c-subscribe-dropdown__list-item--gcal\">\n\t\t\t\t\t\t\t\t\t<a\n\t\t\t\t\t\t\t\t\t\thref=\"https:\/\/www.google.com\/calendar\/event?action=TEMPLATE&#038;dates=20270610T090000\/20270610T161500&#038;text=F%C3%BChren%20mit%20Klarheit%20und%20Haltung&#038;details=%3Cdiv+style%3D%22height%3A20px%22+aria-hidden%3D%22true%22+class%3D%22wp-block-spacer%22%3E%3C%2Fdiv%3E%3Cdiv+style%3D%22height%3A20px%22+aria-hidden%3D%22true%22+class%3D%22wp-block-spacer%22%3E%3C%2Fdiv%3E%3Cp%3E%3C%2Fp%3E+%3Cp%3E%3Cstrong%3ELeadership-Kompetenzen+f%C3%BCr+Frauen+im+Sozial-+und+Gesundheit%3C%2Fstrong%3E%3C%2Fp%3E+%3Cdiv+style%3D%22height%3A56px%22+aria-hidden%3D%22true%22+class%3D%22wp-block-spacer%22%3E%3C%2Fdiv%3E%3Ch3+class%3D%22wp-block-heading%22%3E%3Cstrong%3EReferentin%3C%2Fstrong%3E%3C%2Fh3%3E%3Cp%3E%3C%2Fp%3E+%3Cdiv+class%3D%22wp-block-media-text+is-stacked-on-mobile%22+style%3D%22grid-template-columns%3A15%25+auto%22%3E%3Cfigure+class%3D%22wp-block-media-text__media%22%3E%3Cimg+src%3D%22https%3A%2F%2Fwww.pallicura.de%2Fakademie%2Fwp-content%2Fuploads%2F2026%2F02%2Fimage001-686x1024.jpg%22+alt%3D%22%22+class%3D%22wp-image-2489+size-full%22%2F%3E%3C%2Ffigure%3E%3Cdiv+class%3D%22wp-block-media-text__content%22%3E%3Cp%3E%3Cstrong%3EDr.+Katharina+Gold%3C%2Fstrong%3E%3C%2Fp%3E+%3Cp%3EDiplomp%C3%A4dagogin%2C+Systemische+Therapeutin+%28DGSF%29%2C+Supervisorin%26nbsp%3B%3C%2Fp%3E+%3C%2Fdiv%3E%3C%2Fdiv%3E%3Cdiv+style%3D%22height%3A20px%22+aria-hidden%3D%22true%22+class%3D%22wp-block-spacer%22%3E%3C%2Fdiv%3E%3Ch3+class%3D%22wp-block-heading%22%3EKursbeschrei%3C%2Fh3%3E+%28Zeige+vollst%C3%A4ndige+Veranstaltung-Beschreibung+hier+an%3A+https%3A%2F%2Fwww.pallicura.de%2Fakademie%2Fkurs%2Ffuehren-mit-klarheit-und-haltung%2F%29&#038;trp=false&#038;ctz=Europe\/Berlin&#038;sprop=website:https:\/\/www.pallicura.de\/akademie\"\n\t\t\t\t\t\t\t\t\t\tclass=\"tribe-events-c-subscribe-dropdown__list-item-link\"\n\t\t\t\t\t\t\t\t\t\ttarget=\"_blank\"\n\t\t\t\t\t\t\t\t\t\trel=\"noopener noreferrer nofollow noindex\"\n\t\t\t\t\t\t\t\t\t>\n\t\t\t\t\t\t\t\t\t\tGoogle Kalender\t\t\t\t\t\t\t\t\t<\/a>\n\t\t\t\t\t\t\t\t<\/li>\n\t\t\t\t\t\t\t\t\t\t\t\t\t\t\t<li class=\"tribe-events-c-subscribe-dropdown__list-item tribe-events-c-subscribe-dropdown__list-item--ical\">\n\t\t\t\t\t\t\t\t\t<a\n\t\t\t\t\t\t\t\t\t\thref=\"\"\n\t\t\t\t\t\t\t\t\t\tclass=\"tribe-events-c-subscribe-dropdown__list-item-link\"\n\t\t\t\t\t\t\t\t\t\ttarget=\"_blank\"\n\t\t\t\t\t\t\t\t\t\trel=\"noopener noreferrer nofollow noindex\"\n\t\t\t\t\t\t\t\t\t>\n\t\t\t\t\t\t\t\t\t\tiCalendar\t\t\t\t\t\t\t\t\t<\/a>\n\t\t\t\t\t\t\t\t<\/li>\n\t\t\t\t\t\t\t\t\t\t\t\t\t\t\t<li class=\"tribe-events-c-subscribe-dropdown__list-item tribe-events-c-subscribe-dropdown__list-item--outlook-365\">\n\t\t\t\t\t\t\t\t\t<a\n\t\t\t\t\t\t\t\t\t\thref=\"\"\n\t\t\t\t\t\t\t\t\t\tclass=\"tribe-events-c-subscribe-dropdown__list-item-link\"\n\t\t\t\t\t\t\t\t\t\ttarget=\"_blank\"\n\t\t\t\t\t\t\t\t\t\trel=\"noopener noreferrer nofollow noindex\"\n\t\t\t\t\t\t\t\t\t>\n\t\t\t\t\t\t\t\t\t\tOutlook 365\t\t\t\t\t\t\t\t\t<\/a>\n\t\t\t\t\t\t\t\t<\/li>\n\t\t\t\t\t\t\t\t\t\t\t\t\t\t\t<li class=\"tribe-events-c-subscribe-dropdown__list-item tribe-events-c-subscribe-dropdown__list-item--outlook-live\">\n\t\t\t\t\t\t\t\t\t<a\n\t\t\t\t\t\t\t\t\t\thref=\"\"\n\t\t\t\t\t\t\t\t\t\tclass=\"tribe-events-c-subscribe-dropdown__list-item-link\"\n\t\t\t\t\t\t\t\t\t\ttarget=\"_blank\"\n\t\t\t\t\t\t\t\t\t\trel=\"noopener noreferrer nofollow noindex\"\n\t\t\t\t\t\t\t\t\t>\n\t\t\t\t\t\t\t\t\t\tOutlook Live\t\t\t\t\t\t\t\t\t<\/a>\n\t\t\t\t\t\t\t\t<\/li>\n\t\t\t\t\t\t\t\t\t\t\t\t\t<\/ul>\n\t\t\t\t\t<\/div>\n\t\t\t\t<\/div>\n\t\t\t<\/div>\n\t\t<\/div>\n\t<\/div>\n\n<\/div>\n<\/div>\n","protected":false},"excerpt":{"rendered":"<p>Leadership-Kompetenzen f\u00fcr Frauen im Sozial- und Gesundheit Referentin Dr. Katharina Gold Diplomp\u00e4dagogin, Systemische Therapeutin (DGSF), Supervisorin&nbsp; Kursbeschreibung F\u00fchrung im Sozial- und Gesundheitswesen bedeutet, Verantwortung in komplexen Organisationsstrukturen zu \u00fcbernehmen \u2013 im Spannungsfeld zwischen Fachlichkeit, Wirtschaftlichkeit, interprofessioneller Zusammenarbeit und hohen ethischen Anforderungen. Gerade Frauen in F\u00fchrungspositionen&#8230;<\/p>\n","protected":false},"author":3,"featured_media":0,"template":"","meta":{"content-type":"","_EventAllDay":false,"_EventTimezone":"Europe\/Berlin","_EventStartDate":"2027-06-10 09:00:00","_EventEndDate":"2027-06-10 16:15:00","_EventStartDateUTC":"2027-06-10 07:00:00","_EventEndDateUTC":"2027-06-10 14:15:00","_EventShowMap":false,"_EventShowMapLink":false,"_EventURL":"","_EventCost":"","_EventCostDescription":"","_EventCurrencySymbol":"\u20ac","_EventCurrencyCode":"EUR","_EventCurrencyPosition":"suffix","_EventDateTimeSeparator":", ","_EventTimeRangeSeparator":" - ","_EventOrganizerID":[],"_EventVenueID":[],"_OrganizerEmail":"","_OrganizerPhone":"","_OrganizerWebsite":"","_VenueAddress":"","_VenueCity":"","_VenueCountry":"","_VenueProvince":"","_VenueState":"","_VenueZip":"","_VenuePhone":"","_VenueURL":"","_VenueStateProvince":"","_VenueLat":"","_VenueLng":"","_VenueShowMap":false,"_VenueShowMapLink":false,"_tribe_events_status":"","_tribe_events_status_reason":"","footnotes":""},"tags":[],"tribe_events_cat":[],"class_list":["post-2642","tribe_events","type-tribe_events","status-publish","hentry"],"_links":{"self":[{"href":"https:\/\/www.pallicura.de\/akademie\/wp-json\/wp\/v2\/tribe_events\/2642","targetHints":{"allow":["GET"]}}],"collection":[{"href":"https:\/\/www.pallicura.de\/akademie\/wp-json\/wp\/v2\/tribe_events"}],"about":[{"href":"https:\/\/www.pallicura.de\/akademie\/wp-json\/wp\/v2\/types\/tribe_events"}],"author":[{"embeddable":true,"href":"https:\/\/www.pallicura.de\/akademie\/wp-json\/wp\/v2\/users\/3"}],"version-history":[{"count":7,"href":"https:\/\/www.pallicura.de\/akademie\/wp-json\/wp\/v2\/tribe_events\/2642\/revisions"}],"predecessor-version":[{"id":2652,"href":"https:\/\/www.pallicura.de\/akademie\/wp-json\/wp\/v2\/tribe_events\/2642\/revisions\/2652"}],"wp:attachment":[{"href":"https:\/\/www.pallicura.de\/akademie\/wp-json\/wp\/v2\/media?parent=2642"}],"wp:term":[{"taxonomy":"post_tag","embeddable":true,"href":"https:\/\/www.pallicura.de\/akademie\/wp-json\/wp\/v2\/tags?post=2642"},{"taxonomy":"tribe_events_cat","embeddable":true,"href":"https:\/\/www.pallicura.de\/akademie\/wp-json\/wp\/v2\/tribe_events_cat?post=2642"}],"curies":[{"name":"wp","href":"https:\/\/api.w.org\/{rel}","templated":true}]}}